{"id":63623,"date":"2022-02-15T13:28:20","date_gmt":"2022-02-15T12:28:20","guid":{"rendered":"https:\/\/studierendenwerkdarmstadt.de\/interkulturelles\/erfolgreich-abgeschlossene-projekte-3\/"},"modified":"2025-09-03T16:54:37","modified_gmt":"2025-09-03T14:54:37","slug":"successfully-completed-projects-2","status":"publish","type":"page","link":"https:\/\/studierendenwerkdarmstadt.de\/en\/interkulturelles\/successfully-completed-projects-2\/","title":{"rendered":"Successfully completed projects"},"content":{"rendered":"<div id=\"pl-63623\"  class=\"panel-layout\" ><div id=\"pg-63623-0\"  class=\"panel-grid panel-no-style\" ><div id=\"pgc-63623-0-0\"  class=\"panel-grid-cell\" ><div id=\"panel-63623-0-0-0\" class=\"so-panel widget widget_neosmart-editor panel-first-child panel-last-child\" data-index=\"0\" ><div\n\t\t\t\n\t\t\tclass=\"so-widget-neosmart-editor so-widget-neosmart-editor-base\"\n\t\t\t\n\t\t><h3 class=\"widget-headline\">Der Bereich Interkulturelles pr\u00e4sentiert: erfolgreich abgeschlossene Projekte<\/h3><div class=\"widget-editor\">\n\t<p>Hier finden Sie einen \u00dcberblick \u00fcber die bereits erfolgreichen Projekte. Bei Fragen dazu, stehen wir gerne zur Verf\u00fcgung.<\/p>\n<\/div><\/div><\/div><\/div><div id=\"pgc-63623-0-1\"  class=\"panel-grid-cell\" ><div id=\"panel-63623-0-1-0\" class=\"so-panel widget widget_neosmart-info-teaser panel-first-child panel-last-child\" data-index=\"1\" ><div\n\t\t\t\n\t\t\tclass=\"so-widget-neosmart-info-teaser so-widget-neosmart-info-teaser-base\"\n\t\t\t\n\t\t><div class=\"info-teaser style-section-color\">\n\t<h5 class=\"it-title\">\n\t\tKontakt\t<\/h5>\n\t<div class=\"it-content\">\n\t\t<p><strong>Interkulturelles<\/strong><\/p>\n<p>Mensa Stadtmitte<\/p>\n<p>Alexanderstra\u00dfe 4<\/p>\n<p><strong><span id=\"cloak27502\"><a href=\"mailto:interkult.austausch@stwda.de\">E-Mail<\/a><\/span><\/strong><\/p>\n\t<\/div>\n<\/div>\n<\/div><\/div><\/div><\/div><div id=\"pg-63623-1\"  class=\"panel-grid panel-no-style\" ><div id=\"pgc-63623-1-0\"  class=\"panel-grid-cell\" ><div id=\"panel-63623-1-0-0\" class=\"so-panel widget widget_neosmart-editor panel-first-child panel-last-child\" data-index=\"2\" ><div\n\t\t\t\n\t\t\tclass=\"so-widget-neosmart-editor so-widget-neosmart-editor-base\"\n\t\t\t\n\t\t><h3 class=\"widget-headline\">Projekte 2024<\/h3><div class=\"widget-editor\">\n\t<\/div><\/div><\/div><\/div><\/div><div id=\"pg-63623-2\"  class=\"panel-grid panel-no-style\" ><div id=\"pgc-63623-2-0\"  class=\"panel-grid-cell\" ><div id=\"panel-63623-2-0-0\" class=\"so-panel widget widget_neosmart-teaser panel-first-child panel-last-child\" data-index=\"3\" ><div\n\t\t\t\n\t\t\tclass=\"so-widget-neosmart-teaser so-widget-neosmart-teaser-base\"\n\t\t\t\n\t\t><a href=\"https:\/\/studierendenwerkdarmstadt.de\/en\/film-competition\/\" class=\"teaser cat-general teaser-link\">\n\t<div class=\"teaser-image\">\n\t\t<img decoding=\"async\" width=\"341\" height=\"265\" data-src=\"https:\/\/studierendenwerkdarmstadt.de\/wp-content\/uploads\/2025\/09\/filmwettbewerb_kachel.png\" class=\"attachment-medium size-medium lazyload\" alt=\"\" data-srcset=\"https:\/\/studierendenwerkdarmstadt.de\/wp-content\/uploads\/2025\/09\/filmwettbewerb_kachel.png 341w, https:\/\/studierendenwerkdarmstadt.de\/wp-content\/uploads\/2025\/09\/filmwettbewerb_kachel-320x249.png 320w\" data-sizes=\"(max-width: 341px) 100vw, 341px\" src=\"data:image\/svg+xml;base64,PHN2ZyB3aWR0aD0iMSIgaGVpZ2h0PSIxIiB4bWxucz0iaHR0cDovL3d3dy53My5vcmcvMjAwMC9zdmciPjwvc3ZnPg==\" style=\"--smush-placeholder-width: 341px; --smush-placeholder-aspect-ratio: 341\/265;\" \/>\t<\/div>\n\t<div class=\"teaser-text\">\n\t\t<h4>Diversity film competition<\/h4>\n\t\t<p><\/p>\n\t<\/div>\n<\/a><\/div><\/div><\/div><div id=\"pgc-63623-2-1\"  class=\"panel-grid-cell panel-grid-cell-empty panel-grid-cell-mobile-last\" ><\/div><div id=\"pgc-63623-2-2\"  class=\"panel-grid-cell panel-grid-cell-empty\" ><\/div><\/div><div id=\"pg-63623-3\"  class=\"panel-grid panel-no-style\" ><div id=\"pgc-63623-3-0\"  class=\"panel-grid-cell\" ><div id=\"panel-63623-3-0-0\" class=\"so-panel widget widget_neosmart-editor panel-first-child panel-last-child\" data-index=\"4\" ><div\n\t\t\t\n\t\t\tclass=\"so-widget-neosmart-editor so-widget-neosmart-editor-base\"\n\t\t\t\n\t\t><h3 class=\"widget-headline\">Projekte 2023<\/h3><div class=\"widget-editor\">\n\t<\/div><\/div><\/div><\/div><\/div><div id=\"pg-63623-4\"  class=\"panel-grid panel-no-style\" ><div id=\"pgc-63623-4-0\"  class=\"panel-grid-cell\" ><div id=\"panel-63623-4-0-0\" class=\"so-panel widget widget_neosmart-teaser panel-first-child panel-last-child\" data-index=\"5\" ><div\n\t\t\t\n\t\t\tclass=\"so-widget-neosmart-teaser so-widget-neosmart-teaser-base\"\n\t\t\t\n\t\t><a href=\"https:\/\/studierendenwerkdarmstadt.de\/hanau\/\" class=\"teaser cat-general teaser-link\">\n\t<div class=\"teaser-image\">\n\t\t<img decoding=\"async\" width=\"480\" height=\"320\" data-src=\"https:\/\/studierendenwerkdarmstadt.de\/wp-content\/uploads\/2023\/04\/8T0A1709-480x320.jpg\" class=\"attachment-medium size-medium lazyload\" alt=\"\" data-srcset=\"https:\/\/studierendenwerkdarmstadt.de\/wp-content\/uploads\/2023\/04\/8T0A1709-480x320.jpg 480w, https:\/\/studierendenwerkdarmstadt.de\/wp-content\/uploads\/2023\/04\/8T0A1709-1024x683.jpg 1024w, https:\/\/studierendenwerkdarmstadt.de\/wp-content\/uploads\/2023\/04\/8T0A1709-1536x1024.jpg 1536w, https:\/\/studierendenwerkdarmstadt.de\/wp-content\/uploads\/2023\/04\/8T0A1709-2048x1366.jpg 2048w, https:\/\/studierendenwerkdarmstadt.de\/wp-content\/uploads\/2023\/04\/8T0A1709-320x213.jpg 320w, https:\/\/studierendenwerkdarmstadt.de\/wp-content\/uploads\/2023\/04\/8T0A1709-640x427.jpg 640w, https:\/\/studierendenwerkdarmstadt.de\/wp-content\/uploads\/2023\/04\/8T0A1709-768x512.jpg 768w, https:\/\/studierendenwerkdarmstadt.de\/wp-content\/uploads\/2023\/04\/8T0A1709-960x640.jpg 960w, https:\/\/studierendenwerkdarmstadt.de\/wp-content\/uploads\/2023\/04\/8T0A1709-1280x854.jpg 1280w, https:\/\/studierendenwerkdarmstadt.de\/wp-content\/uploads\/2023\/04\/8T0A1709-1366x911.jpg 1366w, https:\/\/studierendenwerkdarmstadt.de\/wp-content\/uploads\/2023\/04\/8T0A1709-1440x960.jpg 1440w, https:\/\/studierendenwerkdarmstadt.de\/wp-content\/uploads\/2023\/04\/8T0A1709-1920x1280.jpg 1920w, https:\/\/studierendenwerkdarmstadt.de\/wp-content\/uploads\/2023\/04\/8T0A1709-272x182.jpg 272w\" data-sizes=\"(max-width: 480px) 100vw, 480px\" src=\"data:image\/svg+xml;base64,PHN2ZyB3aWR0aD0iMSIgaGVpZ2h0PSIxIiB4bWxucz0iaHR0cDovL3d3dy53My5vcmcvMjAwMC9zdmciPjwvc3ZnPg==\" style=\"--smush-placeholder-width: 480px; --smush-placeholder-aspect-ratio: 480\/320;\" \/>\t<\/div>\n\t<div class=\"teaser-text\">\n\t\t<h4>Ausstellung \u201eDiverse Lebensrealit\u00e4ten \u2013 Hanau war kein Einzelfall<\/h4>\n\t\t<p><\/p>\n\t<\/div>\n<\/a><\/div><\/div><\/div><div id=\"pgc-63623-4-1\"  class=\"panel-grid-cell\" ><div id=\"panel-63623-4-1-0\" class=\"so-panel widget widget_neosmart-teaser panel-first-child panel-last-child\" data-index=\"6\" ><div\n\t\t\t\n\t\t\tclass=\"so-widget-neosmart-teaser so-widget-neosmart-teaser-base\"\n\t\t\t\n\t\t><a href=\"https:\/\/studierendenwerkdarmstadt.de\/diversitaet\/\" class=\"teaser cat-general teaser-link\">\n\t<div class=\"teaser-image\">\n\t\t<img decoding=\"async\" width=\"480\" height=\"320\" data-src=\"https:\/\/studierendenwerkdarmstadt.de\/wp-content\/uploads\/2023\/05\/diversity-day-480x320.jpg\" class=\"attachment-medium size-medium lazyload\" alt=\"\" data-srcset=\"https:\/\/studierendenwerkdarmstadt.de\/wp-content\/uploads\/2023\/05\/diversity-day-480x320.jpg 480w, https:\/\/studierendenwerkdarmstadt.de\/wp-content\/uploads\/2023\/05\/diversity-day-320x213.jpg 320w, https:\/\/studierendenwerkdarmstadt.de\/wp-content\/uploads\/2023\/05\/diversity-day-640x427.jpg 640w, https:\/\/studierendenwerkdarmstadt.de\/wp-content\/uploads\/2023\/05\/diversity-day-768x512.jpg 768w, https:\/\/studierendenwerkdarmstadt.de\/wp-content\/uploads\/2023\/05\/diversity-day-960x640.jpg 960w, https:\/\/studierendenwerkdarmstadt.de\/wp-content\/uploads\/2023\/05\/diversity-day-272x182.jpg 272w, https:\/\/studierendenwerkdarmstadt.de\/wp-content\/uploads\/2023\/05\/diversity-day.jpg 1000w\" data-sizes=\"(max-width: 480px) 100vw, 480px\" src=\"data:image\/svg+xml;base64,PHN2ZyB3aWR0aD0iMSIgaGVpZ2h0PSIxIiB4bWxucz0iaHR0cDovL3d3dy53My5vcmcvMjAwMC9zdmciPjwvc3ZnPg==\" style=\"--smush-placeholder-width: 480px; --smush-placeholder-aspect-ratio: 480\/320;\" \/>\t<\/div>\n\t<div class=\"teaser-text\">\n\t\t<h4>Diversity-Day im Studierendenwerk<\/h4>\n\t\t<p><\/p>\n\t<\/div>\n<\/a><\/div><\/div><\/div><div id=\"pgc-63623-4-2\"  class=\"panel-grid-cell\" ><div id=\"panel-63623-4-2-0\" class=\"so-panel widget widget_neosmart-teaser panel-first-child panel-last-child\" data-index=\"7\" ><div\n\t\t\t\n\t\t\tclass=\"so-widget-neosmart-teaser so-widget-neosmart-teaser-base\"\n\t\t\t\n\t\t><a href=\"http:\/\/(Plakat-Ausstellung%20&#8222;Campusleben%20digital&#8220;)\" class=\"teaser cat-general teaser-link\">\n\t<div class=\"teaser-image\">\n\t\t<img decoding=\"async\" width=\"339\" height=\"480\" data-src=\"https:\/\/studierendenwerkdarmstadt.de\/wp-content\/uploads\/2023\/06\/Titelplakat_Wanderausstellung_Campusleben-Digital-339x480.png\" class=\"attachment-medium size-medium lazyload\" alt=\"\" data-srcset=\"https:\/\/studierendenwerkdarmstadt.de\/wp-content\/uploads\/2023\/06\/Titelplakat_Wanderausstellung_Campusleben-Digital-339x480.png 339w, https:\/\/studierendenwerkdarmstadt.de\/wp-content\/uploads\/2023\/06\/Titelplakat_Wanderausstellung_Campusleben-Digital-724x1024.png 724w, https:\/\/studierendenwerkdarmstadt.de\/wp-content\/uploads\/2023\/06\/Titelplakat_Wanderausstellung_Campusleben-Digital-226x320.png 226w, https:\/\/studierendenwerkdarmstadt.de\/wp-content\/uploads\/2023\/06\/Titelplakat_Wanderausstellung_Campusleben-Digital-453x640.png 453w, https:\/\/studierendenwerkdarmstadt.de\/wp-content\/uploads\/2023\/06\/Titelplakat_Wanderausstellung_Campusleben-Digital-543x768.png 543w, https:\/\/studierendenwerkdarmstadt.de\/wp-content\/uploads\/2023\/06\/Titelplakat_Wanderausstellung_Campusleben-Digital-679x960.png 679w, https:\/\/studierendenwerkdarmstadt.de\/wp-content\/uploads\/2023\/06\/Titelplakat_Wanderausstellung_Campusleben-Digital.png 761w\" data-sizes=\"(max-width: 339px) 100vw, 339px\" src=\"data:image\/svg+xml;base64,PHN2ZyB3aWR0aD0iMSIgaGVpZ2h0PSIxIiB4bWxucz0iaHR0cDovL3d3dy53My5vcmcvMjAwMC9zdmciPjwvc3ZnPg==\" style=\"--smush-placeholder-width: 339px; --smush-placeholder-aspect-ratio: 339\/480;\" \/>\t<\/div>\n\t<div class=\"teaser-text\">\n\t\t<h4>Poster exhibition \"Campusleben digital\"<\/h4>\n\t\t<p><\/p>\n\t<\/div>\n<\/a><\/div><\/div><\/div><\/div><div id=\"pg-63623-5\"  class=\"panel-grid panel-no-style\" ><div id=\"pgc-63623-5-0\"  class=\"panel-grid-cell\" ><div id=\"panel-63623-5-0-0\" class=\"so-panel widget widget_neosmart-editor panel-first-child panel-last-child\" data-index=\"8\" ><div\n\t\t\t\n\t\t\tclass=\"so-widget-neosmart-editor so-widget-neosmart-editor-base\"\n\t\t\t\n\t\t><h3 class=\"widget-headline\">Projekte 2021<\/h3><div class=\"widget-editor\">\n\t<\/div><\/div><\/div><\/div><\/div><div id=\"pg-63623-6\"  class=\"panel-grid panel-no-style\" ><div id=\"pgc-63623-6-0\"  class=\"panel-grid-cell\" ><div id=\"panel-63623-6-0-0\" class=\"so-panel widget widget_neosmart-teaser panel-first-child\" data-index=\"9\" ><div\n\t\t\t\n\t\t\tclass=\"so-widget-neosmart-teaser so-widget-neosmart-teaser-base\"\n\t\t\t\n\t\t><a href=\"https:\/\/studierendenwerkdarmstadt.de\/interkulturelles\/erfolgreich-abgeschlossene-projekte-3\/indiwo\/\" class=\"teaser cat-culture teaser-link\">\n\t<div class=\"teaser-image\">\n\t\t<img decoding=\"async\" width=\"480\" height=\"320\" data-src=\"https:\/\/studierendenwerkdarmstadt.de\/wp-content\/uploads\/2021\/09\/Indiwo-online-480x320.jpg\" class=\"attachment-medium size-medium lazyload\" alt=\"\" data-srcset=\"https:\/\/studierendenwerkdarmstadt.de\/wp-content\/uploads\/2021\/09\/Indiwo-online-480x320.jpg 480w, https:\/\/studierendenwerkdarmstadt.de\/wp-content\/uploads\/2021\/09\/Indiwo-online-1024x683.jpg 1024w, https:\/\/studierendenwerkdarmstadt.de\/wp-content\/uploads\/2021\/09\/Indiwo-online-320x213.jpg 320w, https:\/\/studierendenwerkdarmstadt.de\/wp-content\/uploads\/2021\/09\/Indiwo-online-640x427.jpg 640w, https:\/\/studierendenwerkdarmstadt.de\/wp-content\/uploads\/2021\/09\/Indiwo-online-768x512.jpg 768w, https:\/\/studierendenwerkdarmstadt.de\/wp-content\/uploads\/2021\/09\/Indiwo-online-960x640.jpg 960w, https:\/\/studierendenwerkdarmstadt.de\/wp-content\/uploads\/2021\/09\/Indiwo-online-1280x853.jpg 1280w, https:\/\/studierendenwerkdarmstadt.de\/wp-content\/uploads\/2021\/09\/Indiwo-online-1366x911.jpg 1366w, https:\/\/studierendenwerkdarmstadt.de\/wp-content\/uploads\/2021\/09\/Indiwo-online-1440x960.jpg 1440w, https:\/\/studierendenwerkdarmstadt.de\/wp-content\/uploads\/2021\/09\/Indiwo-online-272x182.jpg 272w, https:\/\/studierendenwerkdarmstadt.de\/wp-content\/uploads\/2021\/09\/Indiwo-online.jpg 1500w\" data-sizes=\"(max-width: 480px) 100vw, 480px\" src=\"data:image\/svg+xml;base64,PHN2ZyB3aWR0aD0iMSIgaGVpZ2h0PSIxIiB4bWxucz0iaHR0cDovL3d3dy53My5vcmcvMjAwMC9zdmciPjwvc3ZnPg==\" style=\"--smush-placeholder-width: 480px; --smush-placeholder-aspect-ratio: 480\/320;\" \/>\t<\/div>\n\t<div class=\"teaser-text\">\n\t\t<h4>Zweite Intersektionale Diversity Woche<\/h4>\n\t\t<p><\/p>\n\t<\/div>\n<\/a><\/div><\/div><div id=\"panel-63623-6-0-1\" class=\"so-panel widget widget_neosmart-teaser panel-last-child\" data-index=\"10\" ><div\n\t\t\t\n\t\t\tclass=\"so-widget-neosmart-teaser so-widget-neosmart-teaser-base\"\n\t\t\t\n\t\t><a href=\"https:\/\/studierendenwerkdarmstadt.de\/interkulturelles\/erfolgreich-abgeschlossene-projekte\/workshop-nachhaltigkeitstag\/\" class=\"teaser cat-culture teaser-link\">\n\t<div class=\"teaser-image\">\n\t\t<img decoding=\"async\" width=\"480\" height=\"319\" data-src=\"https:\/\/studierendenwerkdarmstadt.de\/wp-content\/uploads\/2018\/08\/nachhaltigkeit-darmstadt-480x319.jpg\" class=\"attachment-medium size-medium lazyload\" alt=\"\" data-srcset=\"https:\/\/studierendenwerkdarmstadt.de\/wp-content\/uploads\/2018\/08\/nachhaltigkeit-darmstadt-480x319.jpg 480w, https:\/\/studierendenwerkdarmstadt.de\/wp-content\/uploads\/2018\/08\/nachhaltigkeit-darmstadt-1024x681.jpg 1024w, https:\/\/studierendenwerkdarmstadt.de\/wp-content\/uploads\/2018\/08\/nachhaltigkeit-darmstadt-320x213.jpg 320w, https:\/\/studierendenwerkdarmstadt.de\/wp-content\/uploads\/2018\/08\/nachhaltigkeit-darmstadt-640x426.jpg 640w, https:\/\/studierendenwerkdarmstadt.de\/wp-content\/uploads\/2018\/08\/nachhaltigkeit-darmstadt-768x511.jpg 768w, https:\/\/studierendenwerkdarmstadt.de\/wp-content\/uploads\/2018\/08\/nachhaltigkeit-darmstadt-960x639.jpg 960w, https:\/\/studierendenwerkdarmstadt.de\/wp-content\/uploads\/2018\/08\/nachhaltigkeit-darmstadt-1280x852.jpg 1280w, https:\/\/studierendenwerkdarmstadt.de\/wp-content\/uploads\/2018\/08\/nachhaltigkeit-darmstadt-1366x909.jpg 1366w, https:\/\/studierendenwerkdarmstadt.de\/wp-content\/uploads\/2018\/08\/nachhaltigkeit-darmstadt-1440x958.jpg 1440w, https:\/\/studierendenwerkdarmstadt.de\/wp-content\/uploads\/2018\/08\/nachhaltigkeit-darmstadt.jpg 1900w\" data-sizes=\"(max-width: 480px) 100vw, 480px\" src=\"data:image\/svg+xml;base64,PHN2ZyB3aWR0aD0iMSIgaGVpZ2h0PSIxIiB4bWxucz0iaHR0cDovL3d3dy53My5vcmcvMjAwMC9zdmciPjwvc3ZnPg==\" style=\"--smush-placeholder-width: 480px; --smush-placeholder-aspect-ratio: 480\/319;\" \/>\t<\/div>\n\t<div class=\"teaser-text\">\n\t\t<h4>Workshop Nachhaltigkeitstag <\/h4>\n\t\t<p><\/p>\n\t<\/div>\n<\/a><\/div><\/div><\/div><div id=\"pgc-63623-6-1\"  class=\"panel-grid-cell\" ><div id=\"panel-63623-6-1-0\" class=\"so-panel widget widget_neosmart-teaser panel-first-child\" data-index=\"11\" ><div\n\t\t\t\n\t\t\tclass=\"so-widget-neosmart-teaser so-widget-neosmart-teaser-base\"\n\t\t\t\n\t\t><a href=\"https:\/\/studierendenwerkdarmstadt.de\/interkulturelles\/erfolgreich-abgeschlossene-projekte\/azubi-workshoptage-2021\/\" class=\"teaser cat-culture teaser-link\">\n\t<div class=\"teaser-image\">\n\t\t<img decoding=\"async\" width=\"480\" height=\"320\" data-src=\"https:\/\/studierendenwerkdarmstadt.de\/wp-content\/uploads\/2016\/03\/teaser_interkulturelles_workshops-480x320.jpg\" class=\"attachment-medium size-medium lazyload\" alt=\"\" data-srcset=\"https:\/\/studierendenwerkdarmstadt.de\/wp-content\/uploads\/2016\/03\/teaser_interkulturelles_workshops-480x320.jpg 480w, https:\/\/studierendenwerkdarmstadt.de\/wp-content\/uploads\/2016\/03\/teaser_interkulturelles_workshops-320x213.jpg 320w, https:\/\/studierendenwerkdarmstadt.de\/wp-content\/uploads\/2016\/03\/teaser_interkulturelles_workshops-640x426.jpg 640w, https:\/\/studierendenwerkdarmstadt.de\/wp-content\/uploads\/2016\/03\/teaser_interkulturelles_workshops-768x512.jpg 768w, https:\/\/studierendenwerkdarmstadt.de\/wp-content\/uploads\/2016\/03\/teaser_interkulturelles_workshops-960x640.jpg 960w, https:\/\/studierendenwerkdarmstadt.de\/wp-content\/uploads\/2016\/03\/teaser_interkulturelles_workshops.jpg 1001w\" data-sizes=\"(max-width: 480px) 100vw, 480px\" src=\"data:image\/svg+xml;base64,PHN2ZyB3aWR0aD0iMSIgaGVpZ2h0PSIxIiB4bWxucz0iaHR0cDovL3d3dy53My5vcmcvMjAwMC9zdmciPjwvc3ZnPg==\" style=\"--smush-placeholder-width: 480px; --smush-placeholder-aspect-ratio: 480\/320;\" \/>\t<\/div>\n\t<div class=\"teaser-text\">\n\t\t<h4>Azubi-Workshoptage 2021<\/h4>\n\t\t<p><\/p>\n\t<\/div>\n<\/a><\/div><\/div><div id=\"panel-63623-6-1-1\" class=\"so-panel widget widget_neosmart-teaser panel-last-child\" data-index=\"12\" ><div\n\t\t\t\n\t\t\tclass=\"so-widget-neosmart-teaser so-widget-neosmart-teaser-base\"\n\t\t\t\n\t\t><a href=\"https:\/\/studierendenwerkdarmstadt.de\/interkulturelles\/erfolgreich-abgeschlossene-projekte\/forum-inklusion\/\" class=\"teaser cat-culture teaser-link\">\n\t<div class=\"teaser-image\">\n\t\t<img decoding=\"async\" width=\"480\" height=\"320\" data-src=\"https:\/\/studierendenwerkdarmstadt.de\/wp-content\/uploads\/2022\/03\/alles-inklusive-480x320.png\" class=\"attachment-medium size-medium lazyload\" alt=\"\" data-srcset=\"https:\/\/studierendenwerkdarmstadt.de\/wp-content\/uploads\/2022\/03\/alles-inklusive-480x320.png 480w, https:\/\/studierendenwerkdarmstadt.de\/wp-content\/uploads\/2022\/03\/alles-inklusive-320x213.png 320w, https:\/\/studierendenwerkdarmstadt.de\/wp-content\/uploads\/2022\/03\/alles-inklusive-640x427.png 640w, https:\/\/studierendenwerkdarmstadt.de\/wp-content\/uploads\/2022\/03\/alles-inklusive-768x512.png 768w, https:\/\/studierendenwerkdarmstadt.de\/wp-content\/uploads\/2022\/03\/alles-inklusive-272x182.png 272w, https:\/\/studierendenwerkdarmstadt.de\/wp-content\/uploads\/2022\/03\/alles-inklusive.png 900w\" data-sizes=\"(max-width: 480px) 100vw, 480px\" src=\"data:image\/svg+xml;base64,PHN2ZyB3aWR0aD0iMSIgaGVpZ2h0PSIxIiB4bWxucz0iaHR0cDovL3d3dy53My5vcmcvMjAwMC9zdmciPjwvc3ZnPg==\" style=\"--smush-placeholder-width: 480px; --smush-placeholder-aspect-ratio: 480\/320;\" \/>\t<\/div>\n\t<div class=\"teaser-text\">\n\t\t<h4>Alles inklusive ?!\u00bf\u00a1<\/h4>\n\t\t<p><\/p>\n\t<\/div>\n<\/a><\/div><\/div><\/div><div id=\"pgc-63623-6-2\"  class=\"panel-grid-cell\" ><div id=\"panel-63623-6-2-0\" class=\"so-panel widget widget_neosmart-teaser panel-first-child\" data-index=\"13\" ><div\n\t\t\t\n\t\t\tclass=\"so-widget-neosmart-teaser so-widget-neosmart-teaser-base\"\n\t\t\t\n\t\t><a href=\"https:\/\/studierendenwerkdarmstadt.de\/interkulturelles\/erfolgreich-abgeschlossene-projekte\/workshop-empowerment-anti-sexismus\/\" class=\"teaser cat-culture teaser-link\">\n\t<div class=\"teaser-image\">\n\t\t<img decoding=\"async\" width=\"480\" height=\"320\" data-src=\"https:\/\/studierendenwerkdarmstadt.de\/wp-content\/uploads\/2022\/02\/Workshop-Empowerment-Anti-Sexismus-480x320.jpg\" class=\"attachment-medium size-medium lazyload\" alt=\"\" data-srcset=\"https:\/\/studierendenwerkdarmstadt.de\/wp-content\/uploads\/2022\/02\/Workshop-Empowerment-Anti-Sexismus-480x320.jpg 480w, https:\/\/studierendenwerkdarmstadt.de\/wp-content\/uploads\/2022\/02\/Workshop-Empowerment-Anti-Sexismus-1024x683.jpg 1024w, https:\/\/studierendenwerkdarmstadt.de\/wp-content\/uploads\/2022\/02\/Workshop-Empowerment-Anti-Sexismus-1536x1024.jpg 1536w, https:\/\/studierendenwerkdarmstadt.de\/wp-content\/uploads\/2022\/02\/Workshop-Empowerment-Anti-Sexismus-320x213.jpg 320w, https:\/\/studierendenwerkdarmstadt.de\/wp-content\/uploads\/2022\/02\/Workshop-Empowerment-Anti-Sexismus-640x427.jpg 640w, https:\/\/studierendenwerkdarmstadt.de\/wp-content\/uploads\/2022\/02\/Workshop-Empowerment-Anti-Sexismus-768x512.jpg 768w, https:\/\/studierendenwerkdarmstadt.de\/wp-content\/uploads\/2022\/02\/Workshop-Empowerment-Anti-Sexismus-960x640.jpg 960w, https:\/\/studierendenwerkdarmstadt.de\/wp-content\/uploads\/2022\/02\/Workshop-Empowerment-Anti-Sexismus-1280x853.jpg 1280w, https:\/\/studierendenwerkdarmstadt.de\/wp-content\/uploads\/2022\/02\/Workshop-Empowerment-Anti-Sexismus-1366x911.jpg 1366w, https:\/\/studierendenwerkdarmstadt.de\/wp-content\/uploads\/2022\/02\/Workshop-Empowerment-Anti-Sexismus-1440x960.jpg 1440w, https:\/\/studierendenwerkdarmstadt.de\/wp-content\/uploads\/2022\/02\/Workshop-Empowerment-Anti-Sexismus-272x182.jpg 272w, https:\/\/studierendenwerkdarmstadt.de\/wp-content\/uploads\/2022\/02\/Workshop-Empowerment-Anti-Sexismus.jpg 1920w\" data-sizes=\"(max-width: 480px) 100vw, 480px\" src=\"data:image\/svg+xml;base64,PHN2ZyB3aWR0aD0iMSIgaGVpZ2h0PSIxIiB4bWxucz0iaHR0cDovL3d3dy53My5vcmcvMjAwMC9zdmciPjwvc3ZnPg==\" style=\"--smush-placeholder-width: 480px; --smush-placeholder-aspect-ratio: 480\/320;\" \/>\t<\/div>\n\t<div class=\"teaser-text\">\n\t\t<h4>Workshop Empowerment Anti-Sexismus<\/h4>\n\t\t<p><\/p>\n\t<\/div>\n<\/a><\/div><\/div><div id=\"panel-63623-6-2-1\" class=\"so-panel widget widget_neosmart-teaser panel-last-child\" data-index=\"14\" ><div\n\t\t\t\n\t\t\tclass=\"so-widget-neosmart-teaser so-widget-neosmart-teaser-base\"\n\t\t\t\n\t\t><a href=\"https:\/\/studierendenwerkdarmstadt.de\/online-seminar\/\" class=\"teaser cat-culture teaser-link\">\n\t<div class=\"teaser-image\">\n\t\t<img decoding=\"async\" width=\"480\" height=\"320\" data-src=\"https:\/\/studierendenwerkdarmstadt.de\/wp-content\/uploads\/2022\/03\/verschwoerung-480x320.png\" class=\"attachment-medium size-medium lazyload\" alt=\"\" data-srcset=\"https:\/\/studierendenwerkdarmstadt.de\/wp-content\/uploads\/2022\/03\/verschwoerung-480x320.png 480w, https:\/\/studierendenwerkdarmstadt.de\/wp-content\/uploads\/2022\/03\/verschwoerung-320x213.png 320w, https:\/\/studierendenwerkdarmstadt.de\/wp-content\/uploads\/2022\/03\/verschwoerung-640x427.png 640w, https:\/\/studierendenwerkdarmstadt.de\/wp-content\/uploads\/2022\/03\/verschwoerung-768x512.png 768w, https:\/\/studierendenwerkdarmstadt.de\/wp-content\/uploads\/2022\/03\/verschwoerung-272x182.png 272w, https:\/\/studierendenwerkdarmstadt.de\/wp-content\/uploads\/2022\/03\/verschwoerung.png 900w\" data-sizes=\"(max-width: 480px) 100vw, 480px\" src=\"data:image\/svg+xml;base64,PHN2ZyB3aWR0aD0iMSIgaGVpZ2h0PSIxIiB4bWxucz0iaHR0cDovL3d3dy53My5vcmcvMjAwMC9zdmciPjwvc3ZnPg==\" style=\"--smush-placeholder-width: 480px; --smush-placeholder-aspect-ratio: 480\/320;\" \/>\t<\/div>\n\t<div class=\"teaser-text\">\n\t\t<h4>\u201eAlles Verschw\u00f6rung oder was?!\u201c <\/h4>\n\t\t<p><\/p>\n\t<\/div>\n<\/a><\/div><\/div><\/div><\/div><div id=\"pg-63623-7\"  class=\"panel-grid panel-no-style\" ><div id=\"pgc-63623-7-0\"  class=\"panel-grid-cell\" ><div id=\"panel-63623-7-0-0\" class=\"so-panel widget widget_neosmart-editor panel-first-child panel-last-child\" data-index=\"15\" ><div\n\t\t\t\n\t\t\tclass=\"so-widget-neosmart-editor so-widget-neosmart-editor-base\"\n\t\t\t\n\t\t><h3 class=\"widget-headline\">Projekte 2020<\/h3><div class=\"widget-editor\">\n\t<\/div><\/div><\/div><\/div><\/div><div id=\"pg-63623-8\"  class=\"panel-grid panel-no-style\" ><div id=\"pgc-63623-8-0\"  class=\"panel-grid-cell\" ><div id=\"panel-63623-8-0-0\" class=\"so-panel widget widget_neosmart-teaser panel-first-child\" data-index=\"16\" ><div\n\t\t\t\n\t\t\tclass=\"so-widget-neosmart-teaser so-widget-neosmart-teaser-base\"\n\t\t\t\n\t\t><a href=\"https:\/\/studierendenwerkdarmstadt.de\/interkulturelles\/erfolgreich-abgeschlossene-projekte-3\/1-indiwo\/\" class=\"teaser cat-culture teaser-link\">\n\t<div class=\"teaser-image\">\n\t\t<img decoding=\"async\" width=\"480\" height=\"320\" data-src=\"https:\/\/studierendenwerkdarmstadt.de\/wp-content\/uploads\/2021\/09\/Indiwo-online-480x320.jpg\" class=\"attachment-medium size-medium lazyload\" alt=\"\" data-srcset=\"https:\/\/studierendenwerkdarmstadt.de\/wp-content\/uploads\/2021\/09\/Indiwo-online-480x320.jpg 480w, https:\/\/studierendenwerkdarmstadt.de\/wp-content\/uploads\/2021\/09\/Indiwo-online-1024x683.jpg 1024w, https:\/\/studierendenwerkdarmstadt.de\/wp-content\/uploads\/2021\/09\/Indiwo-online-320x213.jpg 320w, https:\/\/studierendenwerkdarmstadt.de\/wp-content\/uploads\/2021\/09\/Indiwo-online-640x427.jpg 640w, https:\/\/studierendenwerkdarmstadt.de\/wp-content\/uploads\/2021\/09\/Indiwo-online-768x512.jpg 768w, https:\/\/studierendenwerkdarmstadt.de\/wp-content\/uploads\/2021\/09\/Indiwo-online-960x640.jpg 960w, https:\/\/studierendenwerkdarmstadt.de\/wp-content\/uploads\/2021\/09\/Indiwo-online-1280x853.jpg 1280w, https:\/\/studierendenwerkdarmstadt.de\/wp-content\/uploads\/2021\/09\/Indiwo-online-1366x911.jpg 1366w, https:\/\/studierendenwerkdarmstadt.de\/wp-content\/uploads\/2021\/09\/Indiwo-online-1440x960.jpg 1440w, https:\/\/studierendenwerkdarmstadt.de\/wp-content\/uploads\/2021\/09\/Indiwo-online-272x182.jpg 272w, https:\/\/studierendenwerkdarmstadt.de\/wp-content\/uploads\/2021\/09\/Indiwo-online.jpg 1500w\" data-sizes=\"(max-width: 480px) 100vw, 480px\" src=\"data:image\/svg+xml;base64,PHN2ZyB3aWR0aD0iMSIgaGVpZ2h0PSIxIiB4bWxucz0iaHR0cDovL3d3dy53My5vcmcvMjAwMC9zdmciPjwvc3ZnPg==\" style=\"--smush-placeholder-width: 480px; --smush-placeholder-aspect-ratio: 480\/320;\" \/>\t<\/div>\n\t<div class=\"teaser-text\">\n\t\t<h4>Erste Intersektionale Diversity Woche (InDiWo)<\/h4>\n\t\t<p><\/p>\n\t<\/div>\n<\/a><\/div><\/div><div id=\"panel-63623-8-0-1\" class=\"so-panel widget widget_neosmart-teaser panel-last-child\" data-index=\"17\" ><div class=\"panel-widget-style panel-widget-style-for-63623-8-0-1\" ><div\n\t\t\t\n\t\t\tclass=\"so-widget-neosmart-teaser so-widget-neosmart-teaser-base\"\n\t\t\t\n\t\t><a href=\"https:\/\/studierendenwerkdarmstadt.de\/interkulturelles\/video\/\" class=\"teaser cat-culture teaser-link\">\n\t<div class=\"teaser-image\">\n\t\t<img decoding=\"async\" width=\"480\" height=\"320\" data-src=\"https:\/\/studierendenwerkdarmstadt.de\/wp-content\/uploads\/2022\/03\/video-480x320.png\" class=\"attachment-medium size-medium lazyload\" alt=\"\" data-srcset=\"https:\/\/studierendenwerkdarmstadt.de\/wp-content\/uploads\/2022\/03\/video-480x320.png 480w, https:\/\/studierendenwerkdarmstadt.de\/wp-content\/uploads\/2022\/03\/video-320x213.png 320w, https:\/\/studierendenwerkdarmstadt.de\/wp-content\/uploads\/2022\/03\/video-640x427.png 640w, https:\/\/studierendenwerkdarmstadt.de\/wp-content\/uploads\/2022\/03\/video-768x512.png 768w, https:\/\/studierendenwerkdarmstadt.de\/wp-content\/uploads\/2022\/03\/video-272x182.png 272w, https:\/\/studierendenwerkdarmstadt.de\/wp-content\/uploads\/2022\/03\/video.png 900w\" data-sizes=\"(max-width: 480px) 100vw, 480px\" src=\"data:image\/svg+xml;base64,PHN2ZyB3aWR0aD0iMSIgaGVpZ2h0PSIxIiB4bWxucz0iaHR0cDovL3d3dy53My5vcmcvMjAwMC9zdmciPjwvc3ZnPg==\" style=\"--smush-placeholder-width: 480px; --smush-placeholder-aspect-ratio: 480\/320;\" \/>\t<\/div>\n\t<div class=\"teaser-text\">\n\t\t<h4>Videoprojekt \"We'll be there for you - ITT will get you through\"<\/h4>\n\t\t<p><\/p>\n\t<\/div>\n<\/a><\/div><\/div><\/div><\/div><div id=\"pgc-63623-8-1\"  class=\"panel-grid-cell\" ><div id=\"panel-63623-8-1-0\" class=\"so-panel widget widget_neosmart-teaser panel-first-child\" data-index=\"18\" ><div\n\t\t\t\n\t\t\tclass=\"so-widget-neosmart-teaser so-widget-neosmart-teaser-base\"\n\t\t\t\n\t\t><a href=\"https:\/\/studierendenwerkdarmstadt.de\/interkulturelles\/erfolgreich-abgeschlossene-projekte\/workshop-von-a-wie-aluhut-bis-z-wie-zwietracht\/\" class=\"teaser cat-culture teaser-link\">\n\t<div class=\"teaser-image\">\n\t\t<img decoding=\"async\" width=\"480\" height=\"320\" data-src=\"https:\/\/studierendenwerkdarmstadt.de\/wp-content\/uploads\/2016\/03\/teaser_interkulturelles_workshops-480x320.jpg\" class=\"attachment-medium size-medium lazyload\" alt=\"\" data-srcset=\"https:\/\/studierendenwerkdarmstadt.de\/wp-content\/uploads\/2016\/03\/teaser_interkulturelles_workshops-480x320.jpg 480w, https:\/\/studierendenwerkdarmstadt.de\/wp-content\/uploads\/2016\/03\/teaser_interkulturelles_workshops-320x213.jpg 320w, https:\/\/studierendenwerkdarmstadt.de\/wp-content\/uploads\/2016\/03\/teaser_interkulturelles_workshops-640x426.jpg 640w, https:\/\/studierendenwerkdarmstadt.de\/wp-content\/uploads\/2016\/03\/teaser_interkulturelles_workshops-768x512.jpg 768w, https:\/\/studierendenwerkdarmstadt.de\/wp-content\/uploads\/2016\/03\/teaser_interkulturelles_workshops-960x640.jpg 960w, https:\/\/studierendenwerkdarmstadt.de\/wp-content\/uploads\/2016\/03\/teaser_interkulturelles_workshops.jpg 1001w\" data-sizes=\"(max-width: 480px) 100vw, 480px\" src=\"data:image\/svg+xml;base64,PHN2ZyB3aWR0aD0iMSIgaGVpZ2h0PSIxIiB4bWxucz0iaHR0cDovL3d3dy53My5vcmcvMjAwMC9zdmciPjwvc3ZnPg==\" style=\"--smush-placeholder-width: 480px; --smush-placeholder-aspect-ratio: 480\/320;\" \/>\t<\/div>\n\t<div class=\"teaser-text\">\n\t\t<h4>Von A wie Aluhut bis Z wie Zwietracht<\/h4>\n\t\t<p><\/p>\n\t<\/div>\n<\/a><\/div><\/div><div id=\"panel-63623-8-1-1\" class=\"so-panel widget widget_neosmart-teaser panel-last-child\" data-index=\"19\" ><div\n\t\t\t\n\t\t\tclass=\"so-widget-neosmart-teaser so-widget-neosmart-teaser-base\"\n\t\t\t\n\t\t><a href=\"https:\/\/studierendenwerkdarmstadt.de\/interkulturelles\/erfolgreich-abgeschlossene-projekte\/workshop-erfolgreich-bewerben\/\" class=\"teaser cat-culture teaser-link\">\n\t<div class=\"teaser-image\">\n\t\t<img decoding=\"async\" width=\"480\" height=\"320\" data-src=\"https:\/\/studierendenwerkdarmstadt.de\/wp-content\/uploads\/2016\/07\/interkulturelles-training-workshop-480x320.jpg\" class=\"attachment-medium size-medium lazyload\" alt=\"Skills and potential in trainings lead to growth\" data-srcset=\"https:\/\/studierendenwerkdarmstadt.de\/wp-content\/uploads\/2016\/07\/interkulturelles-training-workshop-480x320.jpg 480w, https:\/\/studierendenwerkdarmstadt.de\/wp-content\/uploads\/2016\/07\/interkulturelles-training-workshop-1024x683.jpg 1024w, https:\/\/studierendenwerkdarmstadt.de\/wp-content\/uploads\/2016\/07\/interkulturelles-training-workshop-320x213.jpg 320w, https:\/\/studierendenwerkdarmstadt.de\/wp-content\/uploads\/2016\/07\/interkulturelles-training-workshop-640x427.jpg 640w, https:\/\/studierendenwerkdarmstadt.de\/wp-content\/uploads\/2016\/07\/interkulturelles-training-workshop-768x512.jpg 768w, https:\/\/studierendenwerkdarmstadt.de\/wp-content\/uploads\/2016\/07\/interkulturelles-training-workshop-960x640.jpg 960w, https:\/\/studierendenwerkdarmstadt.de\/wp-content\/uploads\/2016\/07\/interkulturelles-training-workshop-1280x853.jpg 1280w, https:\/\/studierendenwerkdarmstadt.de\/wp-content\/uploads\/2016\/07\/interkulturelles-training-workshop-1366x911.jpg 1366w, https:\/\/studierendenwerkdarmstadt.de\/wp-content\/uploads\/2016\/07\/interkulturelles-training-workshop-1440x960.jpg 1440w, https:\/\/studierendenwerkdarmstadt.de\/wp-content\/uploads\/2016\/07\/interkulturelles-training-workshop.jpg 1920w\" data-sizes=\"(max-width: 480px) 100vw, 480px\" src=\"data:image\/svg+xml;base64,PHN2ZyB3aWR0aD0iMSIgaGVpZ2h0PSIxIiB4bWxucz0iaHR0cDovL3d3dy53My5vcmcvMjAwMC9zdmciPjwvc3ZnPg==\" style=\"--smush-placeholder-width: 480px; --smush-placeholder-aspect-ratio: 480\/320;\" \/>\t<\/div>\n\t<div class=\"teaser-text\">\n\t\t<h4>Erfolgreich bewerben in Deutschland<\/h4>\n\t\t<p><\/p>\n\t<\/div>\n<\/a><\/div><\/div><\/div><div id=\"pgc-63623-8-2\"  class=\"panel-grid-cell\" ><div id=\"panel-63623-8-2-0\" class=\"so-panel widget widget_neosmart-teaser panel-first-child\" data-index=\"20\" ><div\n\t\t\t\n\t\t\tclass=\"so-widget-neosmart-teaser so-widget-neosmart-teaser-base\"\n\t\t\t\n\t\t><a href=\"https:\/\/studierendenwerkdarmstadt.de\/interkulturelles\/erfolgreich-abgeschlossene-projekte\/online-seminar-im-nebel-der-verschwoerung\/\" class=\"teaser cat-culture teaser-link\">\n\t<div class=\"teaser-image\">\n\t\t<img decoding=\"async\" width=\"480\" height=\"334\" data-src=\"https:\/\/studierendenwerkdarmstadt.de\/wp-content\/uploads\/2022\/01\/forest-fog-480x334.jpg\" class=\"attachment-medium size-medium lazyload\" alt=\"Interkulturelles\" data-srcset=\"https:\/\/studierendenwerkdarmstadt.de\/wp-content\/uploads\/2022\/01\/forest-fog-480x334.jpg 480w, https:\/\/studierendenwerkdarmstadt.de\/wp-content\/uploads\/2022\/01\/forest-fog-1024x713.jpg 1024w, https:\/\/studierendenwerkdarmstadt.de\/wp-content\/uploads\/2022\/01\/forest-fog-1536x1069.jpg 1536w, https:\/\/studierendenwerkdarmstadt.de\/wp-content\/uploads\/2022\/01\/forest-fog-320x223.jpg 320w, https:\/\/studierendenwerkdarmstadt.de\/wp-content\/uploads\/2022\/01\/forest-fog-640x445.jpg 640w, https:\/\/studierendenwerkdarmstadt.de\/wp-content\/uploads\/2022\/01\/forest-fog-768x534.jpg 768w, https:\/\/studierendenwerkdarmstadt.de\/wp-content\/uploads\/2022\/01\/forest-fog-960x668.jpg 960w, https:\/\/studierendenwerkdarmstadt.de\/wp-content\/uploads\/2022\/01\/forest-fog-1280x891.jpg 1280w, https:\/\/studierendenwerkdarmstadt.de\/wp-content\/uploads\/2022\/01\/forest-fog-1366x951.jpg 1366w, https:\/\/studierendenwerkdarmstadt.de\/wp-content\/uploads\/2022\/01\/forest-fog-1440x1002.jpg 1440w, https:\/\/studierendenwerkdarmstadt.de\/wp-content\/uploads\/2022\/01\/forest-fog.jpg 1920w\" data-sizes=\"(max-width: 480px) 100vw, 480px\" src=\"data:image\/svg+xml;base64,PHN2ZyB3aWR0aD0iMSIgaGVpZ2h0PSIxIiB4bWxucz0iaHR0cDovL3d3dy53My5vcmcvMjAwMC9zdmciPjwvc3ZnPg==\" style=\"--smush-placeholder-width: 480px; --smush-placeholder-aspect-ratio: 480\/334;\" \/>\t<\/div>\n\t<div class=\"teaser-text\">\n\t\t<h4>Im Nebel der Verschw\u00f6rungen<\/h4>\n\t\t<p><\/p>\n\t<\/div>\n<\/a><\/div><\/div><div id=\"panel-63623-8-2-1\" class=\"so-panel widget widget_neosmart-teaser panel-last-child\" data-index=\"21\" ><div\n\t\t\t\n\t\t\tclass=\"so-widget-neosmart-teaser so-widget-neosmart-teaser-base\"\n\t\t\t\n\t\t><a href=\"https:\/\/studierendenwerkdarmstadt.de\/interkulturelles\/erfolgreich-abgeschlossene-projekte\/konfliktloesung-auf-der-spur\/\" class=\"teaser cat-culture teaser-link\">\n\t<div class=\"teaser-image\">\n\t\t<img decoding=\"async\" width=\"480\" height=\"320\" data-src=\"https:\/\/studierendenwerkdarmstadt.de\/wp-content\/uploads\/2019\/08\/16.1-konflikt-2-480x320.jpg\" class=\"attachment-medium size-medium lazyload\" alt=\"\" data-srcset=\"https:\/\/studierendenwerkdarmstadt.de\/wp-content\/uploads\/2019\/08\/16.1-konflikt-2-480x320.jpg 480w, https:\/\/studierendenwerkdarmstadt.de\/wp-content\/uploads\/2019\/08\/16.1-konflikt-2-1024x682.jpg 1024w, https:\/\/studierendenwerkdarmstadt.de\/wp-content\/uploads\/2019\/08\/16.1-konflikt-2-320x213.jpg 320w, https:\/\/studierendenwerkdarmstadt.de\/wp-content\/uploads\/2019\/08\/16.1-konflikt-2-640x427.jpg 640w, https:\/\/studierendenwerkdarmstadt.de\/wp-content\/uploads\/2019\/08\/16.1-konflikt-2-768x512.jpg 768w, https:\/\/studierendenwerkdarmstadt.de\/wp-content\/uploads\/2019\/08\/16.1-konflikt-2-960x640.jpg 960w, https:\/\/studierendenwerkdarmstadt.de\/wp-content\/uploads\/2019\/08\/16.1-konflikt-2-1280x853.jpg 1280w, https:\/\/studierendenwerkdarmstadt.de\/wp-content\/uploads\/2019\/08\/16.1-konflikt-2-1366x910.jpg 1366w, https:\/\/studierendenwerkdarmstadt.de\/wp-content\/uploads\/2019\/08\/16.1-konflikt-2-1440x960.jpg 1440w, https:\/\/studierendenwerkdarmstadt.de\/wp-content\/uploads\/2019\/08\/16.1-konflikt-2-1920x1280.jpg 1920w, https:\/\/studierendenwerkdarmstadt.de\/wp-content\/uploads\/2019\/08\/16.1-konflikt-2.jpg 2000w\" data-sizes=\"(max-width: 480px) 100vw, 480px\" src=\"data:image\/svg+xml;base64,PHN2ZyB3aWR0aD0iMSIgaGVpZ2h0PSIxIiB4bWxucz0iaHR0cDovL3d3dy53My5vcmcvMjAwMC9zdmciPjwvc3ZnPg==\" style=\"--smush-placeholder-width: 480px; --smush-placeholder-aspect-ratio: 480\/320;\" \/>\t<\/div>\n\t<div class=\"teaser-text\">\n\t\t<h4>Konfliktl\u00f6sung auf der Spur<\/h4>\n\t\t<p><\/p>\n\t<\/div>\n<\/a><\/div><\/div><\/div><\/div><div id=\"pg-63623-9\"  class=\"panel-grid panel-no-style\" ><div id=\"pgc-63623-9-0\"  class=\"panel-grid-cell\" ><div id=\"panel-63623-9-0-0\" class=\"so-panel widget widget_neosmart-editor panel-first-child panel-last-child\" data-index=\"22\" ><div\n\t\t\t\n\t\t\tclass=\"so-widget-neosmart-editor so-widget-neosmart-editor-base\"\n\t\t\t\n\t\t><h3 class=\"widget-headline\">Projekte 2019<\/h3><div class=\"widget-editor\">\n\t<\/div><\/div><\/div><\/div><\/div><div id=\"pg-63623-10\"  class=\"panel-grid panel-no-style\" ><div id=\"pgc-63623-10-0\"  class=\"panel-grid-cell\" ><div id=\"panel-63623-10-0-0\" class=\"so-panel widget widget_neosmart-teaser panel-first-child\" data-index=\"23\" ><div\n\t\t\t\n\t\t\tclass=\"so-widget-neosmart-teaser so-widget-neosmart-teaser-base\"\n\t\t\t\n\t\t><a href=\"https:\/\/studierendenwerkdarmstadt.de\/interkulturelles\/erfolgreich-abgeschlossene-projekte\/fachtag\/\" class=\"teaser cat-culture teaser-link\">\n\t<div class=\"teaser-image\">\n\t\t<img decoding=\"async\" width=\"480\" height=\"320\" data-src=\"https:\/\/studierendenwerkdarmstadt.de\/wp-content\/uploads\/2019\/11\/FACHTAG-480x320.jpg\" class=\"attachment-medium size-medium lazyload\" alt=\"\" data-srcset=\"https:\/\/studierendenwerkdarmstadt.de\/wp-content\/uploads\/2019\/11\/FACHTAG-480x320.jpg 480w, https:\/\/studierendenwerkdarmstadt.de\/wp-content\/uploads\/2019\/11\/FACHTAG-1024x683.jpg 1024w, https:\/\/studierendenwerkdarmstadt.de\/wp-content\/uploads\/2019\/11\/FACHTAG-320x213.jpg 320w, https:\/\/studierendenwerkdarmstadt.de\/wp-content\/uploads\/2019\/11\/FACHTAG-640x427.jpg 640w, https:\/\/studierendenwerkdarmstadt.de\/wp-content\/uploads\/2019\/11\/FACHTAG-768x512.jpg 768w, https:\/\/studierendenwerkdarmstadt.de\/wp-content\/uploads\/2019\/11\/FACHTAG-960x640.jpg 960w, https:\/\/studierendenwerkdarmstadt.de\/wp-content\/uploads\/2019\/11\/FACHTAG-1280x853.jpg 1280w, https:\/\/studierendenwerkdarmstadt.de\/wp-content\/uploads\/2019\/11\/FACHTAG-1366x911.jpg 1366w, https:\/\/studierendenwerkdarmstadt.de\/wp-content\/uploads\/2019\/11\/FACHTAG-1440x960.jpg 1440w, https:\/\/studierendenwerkdarmstadt.de\/wp-content\/uploads\/2019\/11\/FACHTAG.jpg 1500w\" data-sizes=\"(max-width: 480px) 100vw, 480px\" src=\"data:image\/svg+xml;base64,PHN2ZyB3aWR0aD0iMSIgaGVpZ2h0PSIxIiB4bWxucz0iaHR0cDovL3d3dy53My5vcmcvMjAwMC9zdmciPjwvc3ZnPg==\" style=\"--smush-placeholder-width: 480px; --smush-placeholder-aspect-ratio: 480\/320;\" \/>\t<\/div>\n\t<div class=\"teaser-text\">\n\t\t<h4>Fachtag - Wer hat die Macht zu sagen, wer ich bin?<\/h4>\n\t\t<p><\/p>\n\t<\/div>\n<\/a><\/div><\/div><div id=\"panel-63623-10-0-1\" class=\"so-panel widget widget_neosmart-teaser\" data-index=\"24\" ><div\n\t\t\t\n\t\t\tclass=\"so-widget-neosmart-teaser so-widget-neosmart-teaser-base\"\n\t\t\t\n\t\t><a href=\"https:\/\/studierendenwerkdarmstadt.de\/interkulturelles\/erfolgreich-abgeschlossene-projekte\/othello\/\" class=\"teaser cat-culture teaser-link\">\n\t<div class=\"teaser-image\">\n\t\t<img decoding=\"async\" width=\"480\" height=\"320\" data-src=\"https:\/\/studierendenwerkdarmstadt.de\/wp-content\/uploads\/2022\/02\/Othello_Diskussion_06-768x512-1-480x320.jpg\" class=\"attachment-medium size-medium lazyload\" alt=\"Interkulturelles\" data-srcset=\"https:\/\/studierendenwerkdarmstadt.de\/wp-content\/uploads\/2022\/02\/Othello_Diskussion_06-768x512-1-480x320.jpg 480w, https:\/\/studierendenwerkdarmstadt.de\/wp-content\/uploads\/2022\/02\/Othello_Diskussion_06-768x512-1-320x213.jpg 320w, https:\/\/studierendenwerkdarmstadt.de\/wp-content\/uploads\/2022\/02\/Othello_Diskussion_06-768x512-1-640x427.jpg 640w, https:\/\/studierendenwerkdarmstadt.de\/wp-content\/uploads\/2022\/02\/Othello_Diskussion_06-768x512-1-272x182.jpg 272w, https:\/\/studierendenwerkdarmstadt.de\/wp-content\/uploads\/2022\/02\/Othello_Diskussion_06-768x512-1.jpg 768w\" data-sizes=\"(max-width: 480px) 100vw, 480px\" src=\"data:image\/svg+xml;base64,PHN2ZyB3aWR0aD0iMSIgaGVpZ2h0PSIxIiB4bWxucz0iaHR0cDovL3d3dy53My5vcmcvMjAwMC9zdmciPjwvc3ZnPg==\" style=\"--smush-placeholder-width: 480px; --smush-placeholder-aspect-ratio: 480\/320;\" \/>\t<\/div>\n\t<div class=\"teaser-text\">\n\t\t<h4>\u201eRassismus eine B\u00fchne geben\u201c \u2013 Othello<\/h4>\n\t\t<p><\/p>\n\t<\/div>\n<\/a><\/div><\/div><div id=\"panel-63623-10-0-2\" class=\"so-panel widget widget_neosmart-teaser panel-last-child\" data-index=\"25\" ><div\n\t\t\t\n\t\t\tclass=\"so-widget-neosmart-teaser so-widget-neosmart-teaser-base\"\n\t\t\t\n\t\t><a href=\"https:\/\/studierendenwerkdarmstadt.de\/interkulturelles\/erfolgreich-abgeschlossene-projekte\/workshop-studium-und-soziale-ungleichheit-dem-habitus-auf-der-spur\/\" class=\"teaser cat-culture teaser-link\">\n\t<div class=\"teaser-image\">\n\t\t<img decoding=\"async\" width=\"480\" height=\"320\" data-src=\"https:\/\/studierendenwerkdarmstadt.de\/wp-content\/uploads\/2016\/03\/teaser_interkulturelles_workshops-480x320.jpg\" class=\"attachment-medium size-medium lazyload\" alt=\"\" data-srcset=\"https:\/\/studierendenwerkdarmstadt.de\/wp-content\/uploads\/2016\/03\/teaser_interkulturelles_workshops-480x320.jpg 480w, https:\/\/studierendenwerkdarmstadt.de\/wp-content\/uploads\/2016\/03\/teaser_interkulturelles_workshops-320x213.jpg 320w, https:\/\/studierendenwerkdarmstadt.de\/wp-content\/uploads\/2016\/03\/teaser_interkulturelles_workshops-640x426.jpg 640w, https:\/\/studierendenwerkdarmstadt.de\/wp-content\/uploads\/2016\/03\/teaser_interkulturelles_workshops-768x512.jpg 768w, https:\/\/studierendenwerkdarmstadt.de\/wp-content\/uploads\/2016\/03\/teaser_interkulturelles_workshops-960x640.jpg 960w, https:\/\/studierendenwerkdarmstadt.de\/wp-content\/uploads\/2016\/03\/teaser_interkulturelles_workshops.jpg 1001w\" data-sizes=\"(max-width: 480px) 100vw, 480px\" src=\"data:image\/svg+xml;base64,PHN2ZyB3aWR0aD0iMSIgaGVpZ2h0PSIxIiB4bWxucz0iaHR0cDovL3d3dy53My5vcmcvMjAwMC9zdmciPjwvc3ZnPg==\" style=\"--smush-placeholder-width: 480px; --smush-placeholder-aspect-ratio: 480\/320;\" \/>\t<\/div>\n\t<div class=\"teaser-text\">\n\t\t<h4>\u201eStudium und soziale Ungleichheit: Dem Habitus auf der Spur\u201c <\/h4>\n\t\t<p><\/p>\n\t<\/div>\n<\/a><\/div><\/div><\/div><div id=\"pgc-63623-10-1\"  class=\"panel-grid-cell\" ><div id=\"panel-63623-10-1-0\" class=\"so-panel widget widget_neosmart-teaser panel-first-child\" data-index=\"26\" ><div\n\t\t\t\n\t\t\tclass=\"so-widget-neosmart-teaser so-widget-neosmart-teaser-base\"\n\t\t\t\n\t\t><a href=\"https:\/\/studierendenwerkdarmstadt.de\/interkulturelles\/erfolgreich-abgeschlossene-projekte\/studienfahrt-nach-bruessel\/\" class=\"teaser cat-culture teaser-link\">\n\t<div class=\"teaser-image\">\n\t\t<img decoding=\"async\" width=\"480\" height=\"320\" data-src=\"https:\/\/studierendenwerkdarmstadt.de\/wp-content\/uploads\/2020\/02\/Bruessel_fuer-Homepage-1-480x320.jpg\" class=\"attachment-medium size-medium lazyload\" alt=\"\" data-srcset=\"https:\/\/studierendenwerkdarmstadt.de\/wp-content\/uploads\/2020\/02\/Bruessel_fuer-Homepage-1-480x320.jpg 480w, https:\/\/studierendenwerkdarmstadt.de\/wp-content\/uploads\/2020\/02\/Bruessel_fuer-Homepage-1-320x213.jpg 320w, https:\/\/studierendenwerkdarmstadt.de\/wp-content\/uploads\/2020\/02\/Bruessel_fuer-Homepage-1-640x427.jpg 640w, https:\/\/studierendenwerkdarmstadt.de\/wp-content\/uploads\/2020\/02\/Bruessel_fuer-Homepage-1-768x512.jpg 768w, https:\/\/studierendenwerkdarmstadt.de\/wp-content\/uploads\/2020\/02\/Bruessel_fuer-Homepage-1.jpg 900w\" data-sizes=\"(max-width: 480px) 100vw, 480px\" src=\"data:image\/svg+xml;base64,PHN2ZyB3aWR0aD0iMSIgaGVpZ2h0PSIxIiB4bWxucz0iaHR0cDovL3d3dy53My5vcmcvMjAwMC9zdmciPjwvc3ZnPg==\" style=\"--smush-placeholder-width: 480px; --smush-placeholder-aspect-ratio: 480\/320;\" \/>\t<\/div>\n\t<div class=\"teaser-text\">\n\t\t<h4>Studienfahrt nach Br\u00fcssel<\/h4>\n\t\t<p><\/p>\n\t<\/div>\n<\/a><\/div><\/div><div id=\"panel-63623-10-1-1\" class=\"so-panel widget widget_neosmart-teaser\" data-index=\"27\" ><div\n\t\t\t\n\t\t\tclass=\"so-widget-neosmart-teaser so-widget-neosmart-teaser-base\"\n\t\t\t\n\t\t><a href=\"https:\/\/studierendenwerkdarmstadt.de\/interkulturelles\/erfolgreich-abgeschlossene-projekte\/azubi-workshop-tage\/\" class=\"teaser cat-culture teaser-link\">\n\t<div class=\"teaser-image\">\n\t\t<img decoding=\"async\" width=\"480\" height=\"320\" data-src=\"https:\/\/studierendenwerkdarmstadt.de\/wp-content\/uploads\/2016\/03\/teaser_interkulturelles_workshops-480x320.jpg\" class=\"attachment-medium size-medium lazyload\" alt=\"\" data-srcset=\"https:\/\/studierendenwerkdarmstadt.de\/wp-content\/uploads\/2016\/03\/teaser_interkulturelles_workshops-480x320.jpg 480w, https:\/\/studierendenwerkdarmstadt.de\/wp-content\/uploads\/2016\/03\/teaser_interkulturelles_workshops-320x213.jpg 320w, https:\/\/studierendenwerkdarmstadt.de\/wp-content\/uploads\/2016\/03\/teaser_interkulturelles_workshops-640x426.jpg 640w, https:\/\/studierendenwerkdarmstadt.de\/wp-content\/uploads\/2016\/03\/teaser_interkulturelles_workshops-768x512.jpg 768w, https:\/\/studierendenwerkdarmstadt.de\/wp-content\/uploads\/2016\/03\/teaser_interkulturelles_workshops-960x640.jpg 960w, https:\/\/studierendenwerkdarmstadt.de\/wp-content\/uploads\/2016\/03\/teaser_interkulturelles_workshops.jpg 1001w\" data-sizes=\"(max-width: 480px) 100vw, 480px\" src=\"data:image\/svg+xml;base64,PHN2ZyB3aWR0aD0iMSIgaGVpZ2h0PSIxIiB4bWxucz0iaHR0cDovL3d3dy53My5vcmcvMjAwMC9zdmciPjwvc3ZnPg==\" style=\"--smush-placeholder-width: 480px; --smush-placeholder-aspect-ratio: 480\/320;\" \/>\t<\/div>\n\t<div class=\"teaser-text\">\n\t\t<h4>Azubi-Workshop-Tage 2019<\/h4>\n\t\t<p><\/p>\n\t<\/div>\n<\/a><\/div><\/div><div id=\"panel-63623-10-1-2\" class=\"so-panel widget widget_neosmart-teaser panel-last-child\" data-index=\"28\" ><div\n\t\t\t\n\t\t\tclass=\"so-widget-neosmart-teaser so-widget-neosmart-teaser-base\"\n\t\t\t\n\t\t><a href=\"https:\/\/studierendenwerkdarmstadt.de\/interkulturelles\/erfolgreich-abgeschlossene-projekte\/workshop-interkulturelle-kompetenz-kommunikation-big-sister\/\" class=\"teaser cat-culture teaser-link\">\n\t<div class=\"teaser-image\">\n\t\t<img decoding=\"async\" width=\"480\" height=\"320\" data-src=\"https:\/\/studierendenwerkdarmstadt.de\/wp-content\/uploads\/2022\/03\/workshop-480x320.png\" class=\"attachment-medium size-medium lazyload\" alt=\"\" data-srcset=\"https:\/\/studierendenwerkdarmstadt.de\/wp-content\/uploads\/2022\/03\/workshop-480x320.png 480w, https:\/\/studierendenwerkdarmstadt.de\/wp-content\/uploads\/2022\/03\/workshop-320x213.png 320w, https:\/\/studierendenwerkdarmstadt.de\/wp-content\/uploads\/2022\/03\/workshop-640x427.png 640w, https:\/\/studierendenwerkdarmstadt.de\/wp-content\/uploads\/2022\/03\/workshop-768x512.png 768w, https:\/\/studierendenwerkdarmstadt.de\/wp-content\/uploads\/2022\/03\/workshop-272x182.png 272w, https:\/\/studierendenwerkdarmstadt.de\/wp-content\/uploads\/2022\/03\/workshop.png 900w\" data-sizes=\"(max-width: 480px) 100vw, 480px\" src=\"data:image\/svg+xml;base64,PHN2ZyB3aWR0aD0iMSIgaGVpZ2h0PSIxIiB4bWxucz0iaHR0cDovL3d3dy53My5vcmcvMjAwMC9zdmciPjwvc3ZnPg==\" style=\"--smush-placeholder-width: 480px; --smush-placeholder-aspect-ratio: 480\/320;\" \/>\t<\/div>\n\t<div class=\"teaser-text\">\n\t\t<h4>Interkult. Kompetenz &amp; Kommunikation - Big Sister<\/h4>\n\t\t<p><\/p>\n\t<\/div>\n<\/a><\/div><\/div><\/div><div id=\"pgc-63623-10-2\"  class=\"panel-grid-cell\" ><div id=\"panel-63623-10-2-0\" class=\"so-panel widget widget_neosmart-teaser panel-first-child\" data-index=\"29\" ><div\n\t\t\t\n\t\t\tclass=\"so-widget-neosmart-teaser so-widget-neosmart-teaser-base\"\n\t\t\t\n\t\t><a href=\"https:\/\/studierendenwerkdarmstadt.de\/interkulturelles\/erfolgreich-abgeschlossene-projekte\/themenmonat\/\" class=\"teaser cat-culture teaser-link\">\n\t<div class=\"teaser-image\">\n\t\t<img decoding=\"async\" width=\"480\" height=\"320\" data-src=\"https:\/\/studierendenwerkdarmstadt.de\/wp-content\/uploads\/2022\/03\/politik-480x320.png\" class=\"attachment-medium size-medium lazyload\" alt=\"\" data-srcset=\"https:\/\/studierendenwerkdarmstadt.de\/wp-content\/uploads\/2022\/03\/politik-480x320.png 480w, https:\/\/studierendenwerkdarmstadt.de\/wp-content\/uploads\/2022\/03\/politik-320x213.png 320w, https:\/\/studierendenwerkdarmstadt.de\/wp-content\/uploads\/2022\/03\/politik-640x427.png 640w, https:\/\/studierendenwerkdarmstadt.de\/wp-content\/uploads\/2022\/03\/politik-768x512.png 768w, https:\/\/studierendenwerkdarmstadt.de\/wp-content\/uploads\/2022\/03\/politik-272x182.png 272w, https:\/\/studierendenwerkdarmstadt.de\/wp-content\/uploads\/2022\/03\/politik.png 900w\" data-sizes=\"(max-width: 480px) 100vw, 480px\" src=\"data:image\/svg+xml;base64,PHN2ZyB3aWR0aD0iMSIgaGVpZ2h0PSIxIiB4bWxucz0iaHR0cDovL3d3dy53My5vcmcvMjAwMC9zdmciPjwvc3ZnPg==\" style=\"--smush-placeholder-width: 480px; --smush-placeholder-aspect-ratio: 480\/320;\" \/>\t<\/div>\n\t<div class=\"teaser-text\">\n\t\t<h4>Themenmonat \u201ePolitik MACHT Geschlecht<\/h4>\n\t\t<p><\/p>\n\t<\/div>\n<\/a><\/div><\/div><div id=\"panel-63623-10-2-1\" class=\"so-panel widget widget_neosmart-teaser panel-last-child\" data-index=\"30\" ><div\n\t\t\t\n\t\t\tclass=\"so-widget-neosmart-teaser so-widget-neosmart-teaser-base\"\n\t\t\t\n\t\t><a href=\"https:\/\/studierendenwerkdarmstadt.de\/interkulturelles\/erfolgreich-abgeschlossene-projekte\/kooperation-pulse-of-europe\/\" class=\"teaser cat-culture teaser-link\">\n\t<div class=\"teaser-image\">\n\t\t<img decoding=\"async\" width=\"480\" height=\"287\" data-src=\"https:\/\/studierendenwerkdarmstadt.de\/wp-content\/uploads\/2019\/03\/pulse-of-europe-grenzenlos-studieren-480x287.jpg\" class=\"attachment-medium size-medium lazyload\" alt=\"\" data-srcset=\"https:\/\/studierendenwerkdarmstadt.de\/wp-content\/uploads\/2019\/03\/pulse-of-europe-grenzenlos-studieren-480x287.jpg 480w, https:\/\/studierendenwerkdarmstadt.de\/wp-content\/uploads\/2019\/03\/pulse-of-europe-grenzenlos-studieren-320x191.jpg 320w, https:\/\/studierendenwerkdarmstadt.de\/wp-content\/uploads\/2019\/03\/pulse-of-europe-grenzenlos-studieren-640x383.jpg 640w, https:\/\/studierendenwerkdarmstadt.de\/wp-content\/uploads\/2019\/03\/pulse-of-europe-grenzenlos-studieren-768x459.jpg 768w, https:\/\/studierendenwerkdarmstadt.de\/wp-content\/uploads\/2019\/03\/pulse-of-europe-grenzenlos-studieren.jpg 900w\" data-sizes=\"(max-width: 480px) 100vw, 480px\" src=\"data:image\/svg+xml;base64,PHN2ZyB3aWR0aD0iMSIgaGVpZ2h0PSIxIiB4bWxucz0iaHR0cDovL3d3dy53My5vcmcvMjAwMC9zdmciPjwvc3ZnPg==\" style=\"--smush-placeholder-width: 480px; --smush-placeholder-aspect-ratio: 480\/287;\" \/>\t<\/div>\n\t<div class=\"teaser-text\">\n\t\t<h4>HausParlament mit Pulse of Europe<\/h4>\n\t\t<p><\/p>\n\t<\/div>\n<\/a><\/div><\/div><\/div><\/div><div id=\"pg-63623-11\"  class=\"panel-grid panel-no-style\" ><div id=\"pgc-63623-11-0\"  class=\"panel-grid-cell\" ><div id=\"panel-63623-11-0-0\" class=\"so-panel widget widget_neosmart-editor panel-first-child panel-last-child\" data-index=\"31\" ><div\n\t\t\t\n\t\t\tclass=\"so-widget-neosmart-editor so-widget-neosmart-editor-base\"\n\t\t\t\n\t\t><h3 class=\"widget-headline\">ausgew\u00e4hlte Projekte bis 2018<\/h3><div class=\"widget-editor\">\n\t<\/div><\/div><\/div><\/div><\/div><div id=\"pg-63623-12\"  class=\"panel-grid panel-no-style\" ><div id=\"pgc-63623-12-0\"  class=\"panel-grid-cell\" ><div id=\"panel-63623-12-0-0\" class=\"so-panel widget widget_neosmart-teaser panel-first-child panel-last-child\" data-index=\"32\" ><div\n\t\t\t\n\t\t\tclass=\"so-widget-neosmart-teaser so-widget-neosmart-teaser-base\"\n\t\t\t\n\t\t><a href=\"https:\/\/studierendenwerkdarmstadt.de\/interkulturelles\/erfolgreich-abgeschlossene-projekte\/studiumm\/\" class=\"teaser cat-culture teaser-link\">\n\t<div class=\"teaser-image\">\n\t\t<img decoding=\"async\" width=\"480\" height=\"320\" data-src=\"https:\/\/studierendenwerkdarmstadt.de\/wp-content\/uploads\/2018\/12\/studium-reisepass-480x320.jpg\" class=\"attachment-medium size-medium lazyload\" alt=\"\" data-srcset=\"https:\/\/studierendenwerkdarmstadt.de\/wp-content\/uploads\/2018\/12\/studium-reisepass-480x320.jpg 480w, https:\/\/studierendenwerkdarmstadt.de\/wp-content\/uploads\/2018\/12\/studium-reisepass-320x213.jpg 320w, https:\/\/studierendenwerkdarmstadt.de\/wp-content\/uploads\/2018\/12\/studium-reisepass-640x427.jpg 640w, https:\/\/studierendenwerkdarmstadt.de\/wp-content\/uploads\/2018\/12\/studium-reisepass-768x512.jpg 768w, https:\/\/studierendenwerkdarmstadt.de\/wp-content\/uploads\/2018\/12\/studium-reisepass.jpg 900w\" data-sizes=\"(max-width: 480px) 100vw, 480px\" src=\"data:image\/svg+xml;base64,PHN2ZyB3aWR0aD0iMSIgaGVpZ2h0PSIxIiB4bWxucz0iaHR0cDovL3d3dy53My5vcmcvMjAwMC9zdmciPjwvc3ZnPg==\" style=\"--smush-placeholder-width: 480px; --smush-placeholder-aspect-ratio: 480\/320;\" \/>\t<\/div>\n\t<div class=\"teaser-text\">\n\t\t<h4>Studium+M<\/h4>\n\t\t<p><\/p>\n\t<\/div>\n<\/a><\/div><\/div><\/div><div id=\"pgc-63623-12-1\"  class=\"panel-grid-cell panel-grid-cell-mobile-last\" ><div id=\"panel-63623-12-1-0\" class=\"so-panel widget widget_neosmart-teaser panel-first-child panel-last-child\" data-index=\"33\" ><div\n\t\t\t\n\t\t\tclass=\"so-widget-neosmart-teaser so-widget-neosmart-teaser-base\"\n\t\t\t\n\t\t><a href=\"https:\/\/studierendenwerkdarmstadt.de\/interkulturelles\/erfolgreich-abgeschlossene-projekte\/praemierung-fotowettbewerb-let-diversity-click\/\" class=\"teaser cat-culture teaser-link\">\n\t<div class=\"teaser-image\">\n\t\t<img decoding=\"async\" width=\"480\" height=\"314\" data-src=\"https:\/\/studierendenwerkdarmstadt.de\/wp-content\/uploads\/2021\/12\/Erman_Boecek-480x314.jpg\" class=\"attachment-medium size-medium lazyload\" alt=\"\" data-srcset=\"https:\/\/studierendenwerkdarmstadt.de\/wp-content\/uploads\/2021\/12\/Erman_Boecek-480x314.jpg 480w, https:\/\/studierendenwerkdarmstadt.de\/wp-content\/uploads\/2021\/12\/Erman_Boecek-1024x669.jpg 1024w, https:\/\/studierendenwerkdarmstadt.de\/wp-content\/uploads\/2021\/12\/Erman_Boecek-1536x1003.jpg 1536w, https:\/\/studierendenwerkdarmstadt.de\/wp-content\/uploads\/2021\/12\/Erman_Boecek-2048x1338.jpg 2048w, https:\/\/studierendenwerkdarmstadt.de\/wp-content\/uploads\/2021\/12\/Erman_Boecek-320x209.jpg 320w, https:\/\/studierendenwerkdarmstadt.de\/wp-content\/uploads\/2021\/12\/Erman_Boecek-640x418.jpg 640w, https:\/\/studierendenwerkdarmstadt.de\/wp-content\/uploads\/2021\/12\/Erman_Boecek-768x502.jpg 768w, https:\/\/studierendenwerkdarmstadt.de\/wp-content\/uploads\/2021\/12\/Erman_Boecek-960x627.jpg 960w, https:\/\/studierendenwerkdarmstadt.de\/wp-content\/uploads\/2021\/12\/Erman_Boecek-1280x836.jpg 1280w, https:\/\/studierendenwerkdarmstadt.de\/wp-content\/uploads\/2021\/12\/Erman_Boecek-1366x892.jpg 1366w, https:\/\/studierendenwerkdarmstadt.de\/wp-content\/uploads\/2021\/12\/Erman_Boecek-1440x941.jpg 1440w, https:\/\/studierendenwerkdarmstadt.de\/wp-content\/uploads\/2021\/12\/Erman_Boecek-1920x1254.jpg 1920w\" data-sizes=\"(max-width: 480px) 100vw, 480px\" src=\"data:image\/svg+xml;base64,PHN2ZyB3aWR0aD0iMSIgaGVpZ2h0PSIxIiB4bWxucz0iaHR0cDovL3d3dy53My5vcmcvMjAwMC9zdmciPjwvc3ZnPg==\" style=\"--smush-placeholder-width: 480px; --smush-placeholder-aspect-ratio: 480\/314;\" \/>\t<\/div>\n\t<div class=\"teaser-text\">\n\t\t<h4>Fotowettbewerb \u201eLET DIVERSITY CLICK!\u201c<\/h4>\n\t\t<p><\/p>\n\t<\/div>\n<\/a><\/div><\/div><\/div><div id=\"pgc-63623-12-2\"  class=\"panel-grid-cell panel-grid-cell-empty\" ><\/div><\/div><\/div>","protected":false},"excerpt":{"rendered":"<p>Der Bereich Interkulturelles pr\u00e4sentiert: erfolgreich abgeschlossene Projekte Hier finden Sie einen \u00dcberblick \u00fcber die bereits erfolgreichen Projekte. Bei Fragen dazu, stehen wir gerne zur Verf\u00fcgung. Kontakt Interkulturelles Mensa Stadtmitte Alexanderstra\u00dfe 4 E-Mail Projekte 2024 Diversity film competition Projekte 2023 Ausstellung \u201eDiverse Lebensrealit\u00e4ten \u2013 Hanau war kein Einzelfall Diversity-Day im Studierendenwerk Poster exhibition &#8220;Campusleben digital&#8221; Projekte [&hellip;]<\/p>\n","protected":false},"author":5,"featured_media":0,"parent":2475,"menu_order":10,"comment_status":"closed","ping_status":"closed","template":"","meta":{"_acf_changed":false,"footnotes":""},"class_list":["post-63623","page","type-page","status-publish","hentry"],"acf":[],"yoast_head":"<!-- This site is optimized with the Yoast SEO plugin v28.4 - https:\/\/yoast.com\/product\/yoast-seo-wordpress\/ -->\n<title>Successfully completed projects - studierendenwerk darmstadt<\/title>\n<meta name=\"robots\" content=\"index, follow, max-snippet:-1, max-image-preview:large, max-video-preview:-1\" \/>\n<link rel=\"canonical\" href=\"https:\/\/studierendenwerkdarmstadt.de\/en\/interkulturelles\/successfully-completed-projects-2\/\" \/>\n<meta property=\"og:locale\" content=\"en_US\" \/>\n<meta property=\"og:type\" content=\"article\" \/>\n<meta property=\"og:title\" content=\"Successfully completed projects - studierendenwerk darmstadt\" \/>\n<meta property=\"og:description\" content=\"Der Bereich Interkulturelles pr\u00e4sentiert: erfolgreich abgeschlossene Projekte Hier finden Sie einen \u00dcberblick \u00fcber die bereits erfolgreichen Projekte. Bei Fragen dazu, stehen wir gerne zur Verf\u00fcgung. Kontakt Interkulturelles Mensa Stadtmitte Alexanderstra\u00dfe 4 E-Mail Projekte 2024 Diversity film competition Projekte 2023 Ausstellung \u201eDiverse Lebensrealit\u00e4ten \u2013 Hanau war kein Einzelfall Diversity-Day im Studierendenwerk Poster exhibition &quot;Campusleben digital&quot; Projekte [&hellip;]\" \/>\n<meta property=\"og:url\" content=\"https:\/\/studierendenwerkdarmstadt.de\/en\/interkulturelles\/successfully-completed-projects-2\/\" \/>\n<meta property=\"og:site_name\" content=\"studierendenwerk darmstadt\" \/>\n<meta property=\"article:publisher\" content=\"https:\/\/www.facebook.com\/stwda\/\" \/>\n<meta property=\"article:modified_time\" content=\"2025-09-03T14:54:37+00:00\" \/>\n<meta name=\"twitter:card\" content=\"summary_large_image\" \/>\n<meta name=\"twitter:label1\" content=\"Est. reading time\" \/>\n\t<meta name=\"twitter:data1\" content=\"7 minutes\" \/>\n<script type=\"application\/ld+json\" class=\"yoast-schema-graph\">{\"@context\":\"https:\\\/\\\/schema.org\",\"@graph\":[{\"@type\":\"WebPage\",\"@id\":\"https:\\\/\\\/studierendenwerkdarmstadt.de\\\/en\\\/interkulturelles\\\/successfully-completed-projects-2\\\/\",\"url\":\"https:\\\/\\\/studierendenwerkdarmstadt.de\\\/en\\\/interkulturelles\\\/successfully-completed-projects-2\\\/\",\"name\":\"Successfully completed projects - studierendenwerk darmstadt\",\"isPartOf\":{\"@id\":\"https:\\\/\\\/studierendenwerkdarmstadt.de\\\/#website\"},\"datePublished\":\"2022-02-15T12:28:20+00:00\",\"dateModified\":\"2025-09-03T14:54:37+00:00\",\"breadcrumb\":{\"@id\":\"https:\\\/\\\/studierendenwerkdarmstadt.de\\\/en\\\/interkulturelles\\\/successfully-completed-projects-2\\\/#breadcrumb\"},\"inLanguage\":\"en-US\",\"potentialAction\":[{\"@type\":\"ReadAction\",\"target\":[\"https:\\\/\\\/studierendenwerkdarmstadt.de\\\/en\\\/interkulturelles\\\/successfully-completed-projects-2\\\/\"]}]},{\"@type\":\"BreadcrumbList\",\"@id\":\"https:\\\/\\\/studierendenwerkdarmstadt.de\\\/en\\\/interkulturelles\\\/successfully-completed-projects-2\\\/#breadcrumb\",\"itemListElement\":[{\"@type\":\"ListItem\",\"position\":1,\"name\":\"Startseite\",\"item\":\"https:\\\/\\\/studierendenwerkdarmstadt.de\\\/en\\\/\"},{\"@type\":\"ListItem\",\"position\":2,\"name\":\"intercultural affairs\",\"item\":\"https:\\\/\\\/studierendenwerkdarmstadt.de\\\/en\\\/interkulturelles\\\/\"},{\"@type\":\"ListItem\",\"position\":3,\"name\":\"Successfully completed projects\"}]},{\"@type\":\"WebSite\",\"@id\":\"https:\\\/\\\/studierendenwerkdarmstadt.de\\\/#website\",\"url\":\"https:\\\/\\\/studierendenwerkdarmstadt.de\\\/\",\"name\":\"studierendenwerk darmstadt\",\"description\":\"Wir sind der soziale Partner f\u00fcr die Studierenden der Technischen Universit\u00e4t und der Hochschule Darmstadt.\",\"potentialAction\":[{\"@type\":\"SearchAction\",\"target\":{\"@type\":\"EntryPoint\",\"urlTemplate\":\"https:\\\/\\\/studierendenwerkdarmstadt.de\\\/?s={search_term_string}\"},\"query-input\":{\"@type\":\"PropertyValueSpecification\",\"valueRequired\":true,\"valueName\":\"search_term_string\"}}],\"inLanguage\":\"en-US\"}]}<\/script>\n<!-- \/ Yoast SEO plugin. -->","yoast_head_json":{"title":"Successfully completed projects - studierendenwerk darmstadt","robots":{"index":"index","follow":"follow","max-snippet":"max-snippet:-1","max-image-preview":"max-image-preview:large","max-video-preview":"max-video-preview:-1"},"canonical":"https:\/\/studierendenwerkdarmstadt.de\/en\/interkulturelles\/successfully-completed-projects-2\/","og_locale":"en_US","og_type":"article","og_title":"Successfully completed projects - studierendenwerk darmstadt","og_description":"Der Bereich Interkulturelles pr\u00e4sentiert: erfolgreich abgeschlossene Projekte Hier finden Sie einen \u00dcberblick \u00fcber die bereits erfolgreichen Projekte. Bei Fragen dazu, stehen wir gerne zur Verf\u00fcgung. Kontakt Interkulturelles Mensa Stadtmitte Alexanderstra\u00dfe 4 E-Mail Projekte 2024 Diversity film competition Projekte 2023 Ausstellung \u201eDiverse Lebensrealit\u00e4ten \u2013 Hanau war kein Einzelfall Diversity-Day im Studierendenwerk Poster exhibition \"Campusleben digital\" Projekte [&hellip;]","og_url":"https:\/\/studierendenwerkdarmstadt.de\/en\/interkulturelles\/successfully-completed-projects-2\/","og_site_name":"studierendenwerk darmstadt","article_publisher":"https:\/\/www.facebook.com\/stwda\/","article_modified_time":"2025-09-03T14:54:37+00:00","twitter_card":"summary_large_image","twitter_misc":{"Est. reading time":"7 minutes"},"schema":{"@context":"https:\/\/schema.org","@graph":[{"@type":"WebPage","@id":"https:\/\/studierendenwerkdarmstadt.de\/en\/interkulturelles\/successfully-completed-projects-2\/","url":"https:\/\/studierendenwerkdarmstadt.de\/en\/interkulturelles\/successfully-completed-projects-2\/","name":"Successfully completed projects - studierendenwerk darmstadt","isPartOf":{"@id":"https:\/\/studierendenwerkdarmstadt.de\/#website"},"datePublished":"2022-02-15T12:28:20+00:00","dateModified":"2025-09-03T14:54:37+00:00","breadcrumb":{"@id":"https:\/\/studierendenwerkdarmstadt.de\/en\/interkulturelles\/successfully-completed-projects-2\/#breadcrumb"},"inLanguage":"en-US","potentialAction":[{"@type":"ReadAction","target":["https:\/\/studierendenwerkdarmstadt.de\/en\/interkulturelles\/successfully-completed-projects-2\/"]}]},{"@type":"BreadcrumbList","@id":"https:\/\/studierendenwerkdarmstadt.de\/en\/interkulturelles\/successfully-completed-projects-2\/#breadcrumb","itemListElement":[{"@type":"ListItem","position":1,"name":"Startseite","item":"https:\/\/studierendenwerkdarmstadt.de\/en\/"},{"@type":"ListItem","position":2,"name":"intercultural affairs","item":"https:\/\/studierendenwerkdarmstadt.de\/en\/interkulturelles\/"},{"@type":"ListItem","position":3,"name":"Successfully completed projects"}]},{"@type":"WebSite","@id":"https:\/\/studierendenwerkdarmstadt.de\/#website","url":"https:\/\/studierendenwerkdarmstadt.de\/","name":"studierendenwerk darmstadt","description":"Wir sind der soziale Partner f\u00fcr die Studierenden der Technischen Universit\u00e4t und der Hochschule Darmstadt.","potentialAction":[{"@type":"SearchAction","target":{"@type":"EntryPoint","urlTemplate":"https:\/\/studierendenwerkdarmstadt.de\/?s={search_term_string}"},"query-input":{"@type":"PropertyValueSpecification","valueRequired":true,"valueName":"search_term_string"}}],"inLanguage":"en-US"}]}},"_links":{"self":[{"href":"https:\/\/studierendenwerkdarmstadt.de\/en\/wp-json\/wp\/v2\/pages\/63623","targetHints":{"allow":["GET"]}}],"collection":[{"href":"https:\/\/studierendenwerkdarmstadt.de\/en\/wp-json\/wp\/v2\/pages"}],"about":[{"href":"https:\/\/studierendenwerkdarmstadt.de\/en\/wp-json\/wp\/v2\/types\/page"}],"author":[{"embeddable":true,"href":"https:\/\/studierendenwerkdarmstadt.de\/en\/wp-json\/wp\/v2\/users\/5"}],"replies":[{"embeddable":true,"href":"https:\/\/studierendenwerkdarmstadt.de\/en\/wp-json\/wp\/v2\/comments?post=63623"}],"version-history":[{"count":8,"href":"https:\/\/studierendenwerkdarmstadt.de\/en\/wp-json\/wp\/v2\/pages\/63623\/revisions"}],"predecessor-version":[{"id":77612,"href":"https:\/\/studierendenwerkdarmstadt.de\/en\/wp-json\/wp\/v2\/pages\/63623\/revisions\/77612"}],"up":[{"embeddable":true,"href":"https:\/\/studierendenwerkdarmstadt.de\/en\/wp-json\/wp\/v2\/pages\/2475"}],"wp:attachment":[{"href":"https:\/\/studierendenwerkdarmstadt.de\/en\/wp-json\/wp\/v2\/media?parent=63623"}],"curies":[{"name":"wp","href":"https:\/\/api.w.org\/{rel}","templated":true}]}}